{"id":1399,"date":"2014-10-30T10:49:42","date_gmt":"2014-10-30T10:49:42","guid":{"rendered":"https:\/\/lazarka.de\/?page_id=1399"},"modified":"2023-08-11T11:00:11","modified_gmt":"2023-08-11T11:00:11","slug":"startseite","status":"publish","type":"page","link":"https:\/\/lazarka.de\/","title":{"rendered":"Startseite"},"content":{"rendered":"<p><div class=\"section-full-width section-light-bg\" style=\"background-color:#f7f7f7;\" id=\"section-1\"><div class=\"section-boxed\" style=\"color:#373737;\"><div class=\"pexeto-recent-posts rp-list\"><h3 class=\"rp-title\">Aktuelles<\/h3><ul><li><span class=\"rp-date\">April 1, 2026<\/span><div class=\"rp-info\"><h3><a href=\"https:\/\/lazarka.de\/?p=3000\" data-hover=\"\u201eAuf dem Dorfplatz des anderen Bulgariens\u201c in M\u00fcnchen, vom 15. bis zum 17. Mai 2026!\">\u201eAuf dem Dorfplatz des anderen Bulgariens\u201c in M\u00fcnchen, vom 15. bis zum 17. Mai 2026!<\/a><\/h3><\/div><span class=\"rp-cat\"><a href=\"https:\/\/lazarka.de\/?cat=29\">events @de<\/a> \/ <a href=\"https:\/\/lazarka.de\/?cat=30\">hot @de<\/a><\/span><\/li><li><span class=\"rp-date\">November 9, 2025<\/span><div class=\"rp-info\"><h3><a href=\"https:\/\/lazarka.de\/?p=2862\" data-hover=\"22.11.2025 Konzert \u201eWo das Feuer w\u00e4rmt und Freundschaft verbindet\u201c\">22.11.2025 Konzert \u201eWo das Feuer w\u00e4rmt und Freundschaft verbindet\u201c<\/a><\/h3><\/div><span class=\"rp-cat\"><a href=\"https:\/\/lazarka.de\/?cat=29\">events @de<\/a> \/ <a href=\"https:\/\/lazarka.de\/?cat=30\">hot @de<\/a><\/span><\/li><li><span class=\"rp-date\">Oktober 26, 2025<\/span><div class=\"rp-info\"><h3><a href=\"https:\/\/lazarka.de\/?p=2828\" data-hover=\"4. Folklorefestival von Ensemble \"Bulgari\", Larnaka\">4. Folklorefestival von Ensemble \"Bulgari\", Larnaka<\/a><\/h3><\/div><span class=\"rp-cat\"><a href=\"https:\/\/lazarka.de\/?cat=29\">events @de<\/a> \/ <a href=\"https:\/\/lazarka.de\/?cat=30\">hot @de<\/a> \/ <a href=\"https:\/\/lazarka.de\/?cat=1\">Uncategorized<\/a><\/span><\/li><\/ul><\/div>\n<\/div><\/div><br \/>\n<div class=\"section-full-width section-custom\" style=\"\" id=\"folklore-ensemblequotlazarkaquot\"><div style=\"background-image:url(https:\/\/lazarka.de\/wp-content\/uploads\/2014\/08\/slideshow-bg.jpg); opacity:0.5; filter: alpha(opacity=50);\" class=\"full-bg-image\" ><\/div><div class=\"section-boxed\" style=\"color:#333333;\"><h2 class=\"section-title\" style=\"color:#cc0000;\">Folklore-Ensemble &quot;Lazarka&quot;<\/h2><\/p>\n<div class=\"col-half\"><p>Das \u0415nsemble \u201e<strong>Lazarka<\/strong>\u201d pr\u00e4sentiert schon seit fast 35 Jahren die bulgarische Folklore bei unterschiedlichen Anl\u00e4ssen und Veranstaltungen, nicht nur in Deutschland, sondern auch in ganz Europa.<\/p>\n<p>Die Tanzgruppe wurde von Bel\u010do Stanev, Choreograph aus Bulgarien, und einigen M\u00fcnchner Tanzbegeisterten im Jahr 1991 gegr\u00fcndet und ist als <a title=\"Verein \u201cLazarka\u201d\" href=\"https:\/\/lazarka.de\/?page_id=1403\">gemeinn\u00fctziger Verein \u201eLazarka\u201c<\/a> im Vereinsregister eingetragen. Ziel des Vereines ist nicht nur die Pr\u00e4sentation der bulgarischen Folklore, sondern auch die F\u00f6rderung und Unterst\u00fctzung des Kulturaustausches zwischen Bulgarien und Deutschland.<\/p>\n<p>Heute umfasst das aus Deutschen und Bulgaren bestehende Tanzensemble gut 45 aktive Mitglieder und ist ein fester Bestandteil von M\u00fcnchens buntem Kulturleben.<\/p>\n<h4><a title=\"Tanzproben\" href=\"https:\/\/lazarka.de\/?page_id=1401\">Tanzproben<\/a><\/h4>\n<p>Tanzproben: Jeden Montag von <strong>19:00 bis 21:00 Uhr <\/strong><\/p>\n<p>Ort: \u00a0St\u00e4dtisches Riemerschmid-Wirtschaftsschule (2. OG, Turnhalle), Frauenstr. 19, M\u00fcnchen<\/p>\n<p>&nbsp;<\/p>\n<p style=\"text-align: center;\"><a class=\"button btn-alt\" title=\"\u00dcber uns\" href=\"https:\/\/lazarka.de\/?page_id=1416\">Mehr \u00fcber das Tanzensemble &#8222;Lazarka&#8220; <\/a><\/p>\n<\/div>\n<p>\n<\/div><\/div><br \/>\n<div class=\"section-full-width section-dark\" style=\"background-color:#252525;\" id=\"programmundangebot\"><div class=\"section-boxed\" style=\"color:#ddd;\"><h2 class=\"section-title\" style=\"color:#AAC88A;\">Programm und Angebot<\/h2><h4 style=\"color:#AAC88A;\" class=\"sub-title\">T\u00e4nze aus den verschiedenen Regionen Bulgariens<\/h4><\/p>\n<div class=\"col-half\"><p>Das Tanzensemble \u201eLazarka\u201c bietet ein Programm, das je nach Bedarf von 5 bis 60 Minuten dauert und von 4 bis 40 T\u00e4nzern pr\u00e4sentiert wird. \u201eLazarka\u201c zeigt T\u00e4nze aus den verschiedenen Regionen Bulgariens in originalen Trachten. Sie k\u00f6nnen uns f\u00fcr Feste mit internationalem Programm, Folklore-Festivals, Firmenfeiern, private Feiern etc. buchen.<\/p>\n<p style=\"text-align: center;\"><a class=\"button btn-alt\" title=\"Kontakt\" href=\"https:\/\/lazarka.de\/?page_id=1414\">Anfrage stellen<\/a><\/p>\n<\/div>\n<p>\n<\/div><\/div><\/p>\n<div class=\"section-full-width section-light\" style=\"background-color:#eeeeee;\" id=\"unsereauftritteinbilder\"><div class=\"section-boxed\" style=\"color:#777777;\"><h2 class=\"section-title\" style=\"color:#252525;\">Unsere Auftritte in Bilder<\/h2><div class=\"portfolio-carousel pc-no-title pc-no-link pc-spacing pc-effect-icon pc-effect-zoom pc-effect-overlay\"><div class=\"pc-header\"><div class=\"carousel-title\"> <h4 class=\"small-title\"><\/h4><\/div><\/div><div class=\"pc-wrapper\"><div class=\"pc-holder\"><div class=\"pc-page-wrapper\"><div class=\"pc-item\" data-defwidth=\"396\" data-type=\"smallslider\" data-itemid=\"2509\"><a href=\"https:\/\/lazarka.de\/?portfolio=2509\" title=\"\"><div class=\"pg-img-wrapper\"><span class=\"icon-circle\"><span class=\"pg-icon smallslider-icon\"><\/span><\/span><img decoding=\"async\" src=\"\" alt=\"\"\/><\/div><div class=\"pg-info\"><div class=\"pg-details\"><h2><\/h2><span class=\"pg-categories\"><\/span><\/div><\/div><\/a><\/div><div class=\"pc-item\" data-defwidth=\"396\" data-type=\"smallslider\" data-itemid=\"2466\"><a href=\"https:\/\/lazarka.de\/?portfolio=2016-25-jahre-lazarka-jbilaeumskonzert\" title=\"2016 - 25 Jahre \"Lazarka\" - Jubil\u00e4umskonzert  \"><div class=\"pg-img-wrapper\"><span class=\"icon-circle\"><span class=\"pg-icon smallslider-icon\"><\/span><\/span><img decoding=\"async\" src=\"https:\/\/lazarka.de\/wp-content\/uploads\/2017\/02\/LAzarka_Ansemble1-586x349.jpg\" alt=\"2016 - 25 Jahre &quot;Lazarka&quot; - Jubil\u00e4umskonzert  \"\/><\/div><div class=\"pg-info\"><div class=\"pg-details\"><h2>2016 - 25 Jahre \"Lazarka\" - Jubil\u00e4umskonzert  <\/h2><span class=\"pg-categories\">2016 25 Jahre \"Lazarka\" - Jbil\u00e4umskonzert<\/span><\/div><\/div><\/a><\/div><\/div><div class=\"pc-page-wrapper\"><div class=\"pc-item\" data-defwidth=\"396\" data-type=\"standard\" data-itemid=\"2429\"><a href=\"https:\/\/lazarka.de\/?portfolio=11-09-2016-%d0%b0%d0%bb%d0%b4%d0%b5%d1%80%d1%81%d0%b1%d0%b0%d1%85-%d0%bf%d0%b0%d1%81%d0%b0%d1%83\" title=\"2016 Aldersbach bei Passau\"><div class=\"pg-img-wrapper\"><span class=\"icon-circle\"><span class=\"pg-icon standard-icon\"><\/span><\/span><img decoding=\"async\" src=\"https:\/\/lazarka.de\/wp-content\/uploads\/2016\/09\/Aldersbach_11-586x349.jpg\" alt=\"2016 Aldersbach bei Passau\"\/><\/div><div class=\"pg-info\"><div class=\"pg-details\"><h2>2016 Aldersbach bei Passau<\/h2><span class=\"pg-categories\">2016 Aldersbach bei Passau<\/span><\/div><\/div><\/a><\/div><div class=\"pc-item\" data-defwidth=\"396\" data-type=\"standard\" data-itemid=\"2406\"><a href=\"https:\/\/lazarka.de\/?portfolio=2015-muenchen-marienplatz\" title=\"2015 M\u00fcnchen, Marienplatz\"><div class=\"pg-img-wrapper\"><span class=\"icon-circle\"><span class=\"pg-icon standard-icon\"><\/span><\/span><img decoding=\"async\" src=\"https:\/\/lazarka.de\/wp-content\/uploads\/2016\/08\/MarPlatz2015_013-586x349.jpg\" alt=\"2015 M\u00fcnchen, Marienplatz\"\/><\/div><div class=\"pg-info\"><div class=\"pg-details\"><h2>2015 M\u00fcnchen, Marienplatz<\/h2><span class=\"pg-categories\">2015 M\u00fcnchen Marienplatz<\/span><\/div><\/div><\/a><\/div><\/div><div class=\"pc-page-wrapper\"><div class=\"pc-item\" data-defwidth=\"396\" data-type=\"standard\" data-itemid=\"2391\"><a href=\"https:\/\/lazarka.de\/?portfolio=2015-landsberg-am-lech\" title=\"2015 Landsberg am Lech \"><div class=\"pg-img-wrapper\"><span class=\"icon-circle\"><span class=\"pg-icon standard-icon\"><\/span><\/span><img decoding=\"async\" src=\"https:\/\/lazarka.de\/wp-content\/uploads\/2016\/08\/LB92.jpg\" alt=\"2015 Landsberg am Lech \"\/><\/div><div class=\"pg-info\"><div class=\"pg-details\"><h2>2015 Landsberg am Lech <\/h2><span class=\"pg-categories\">2015 Landsberg am Lech<\/span><\/div><\/div><\/a><\/div><\/div><\/div><\/div><div class=\"clear\"><\/div><div class=\"clear\"><\/div><\/div>\n<\/div><\/div>\n<div class=\"section-full-width section-dark-bg\" style=\"background-color:#D1E4CE;\" id=\"tanzklub\"><div class=\"section-boxed\" style=\"color:#000000;\"><h2 class=\"section-title\" style=\"color:#759A71;\">TANZKLUB<\/h2><h4 style=\"color:#759A71;\" class=\"sub-title\">Tanzkurse f\u00fcr Anf\u00e4nger und Fortgeschrittene<\/h4><\/p>\n<div class=\"col-half\"><p style=\"text-align: center;\"><strong>\u00a0<\/strong><br \/>\n<strong>\u00a0Dienstag <\/strong>19:00 Tanzen <strong>Fortgeschrittene<\/strong>,\u00a0<em>Eine-Welt-Haus, Schwanthalerstr. 80<\/em><\/p>\n<p style=\"text-align: center;\"><strong>Mittwoch<\/strong> 19:00 Tanzen <strong>Mittelstufe 1<\/strong>, <em>Simmernschule, 2.OG Raum 214, Simmernstr. 2 (Bonner Platz)<\/em><\/p>\n<p>&nbsp;<\/p>\n<p style=\"text-align: center;\"><a class=\"button btn-alt\" title=\"Tanzklub\" href=\"https:\/\/lazarka.de\/?page_id=1422\">Mehr \u00fcber die Tanzschule<\/a><\/p>\n<\/div>\n<p>\n<\/div><\/div>\n","protected":false},"excerpt":{"rendered":"","protected":false},"author":1,"featured_media":0,"parent":0,"menu_order":0,"comment_status":"open","ping_status":"open","template":"template-full-custom.php","meta":{"footnotes":""},"class_list":["post-1399","page","type-page","status-publish","hentry"],"_links":{"self":[{"href":"https:\/\/lazarka.de\/index.php?rest_route=\/wp\/v2\/pages\/1399","targetHints":{"allow":["GET"]}}],"collection":[{"href":"https:\/\/lazarka.de\/index.php?rest_route=\/wp\/v2\/pages"}],"about":[{"href":"https:\/\/lazarka.de\/index.php?rest_route=\/wp\/v2\/types\/page"}],"author":[{"embeddable":true,"href":"https:\/\/lazarka.de\/index.php?rest_route=\/wp\/v2\/users\/1"}],"replies":[{"embeddable":true,"href":"https:\/\/lazarka.de\/index.php?rest_route=%2Fwp%2Fv2%2Fcomments&post=1399"}],"version-history":[{"count":28,"href":"https:\/\/lazarka.de\/index.php?rest_route=\/wp\/v2\/pages\/1399\/revisions"}],"predecessor-version":[{"id":2758,"href":"https:\/\/lazarka.de\/index.php?rest_route=\/wp\/v2\/pages\/1399\/revisions\/2758"}],"wp:attachment":[{"href":"https:\/\/lazarka.de\/index.php?rest_route=%2Fwp%2Fv2%2Fmedia&parent=1399"}],"curies":[{"name":"wp","href":"https:\/\/api.w.org\/{rel}","templated":true}]}}